{"id":562,"date":"2015-06-17T15:35:32","date_gmt":"2015-06-17T15:35:32","guid":{"rendered":"http:\/\/sanagustin.org\/word\/?page_id=562"},"modified":"2015-08-26T20:55:11","modified_gmt":"2015-08-26T20:55:11","slug":"comunidad-de-salta","status":"publish","type":"page","link":"http:\/\/sanagustin.org\/word\/nuestras-comunidades\/comunidad-de-salta\/","title":{"rendered":"Comunidad de Salta"},"content":{"rendered":"<p style=\"text-align: justify;\">La parroquia <em>\u201cSanta Teresa de Jes\u00fas\u201d<\/em> de la ciudad de Salta, queda erigida como tal el d\u00eda 9 de octubre de 1939\u00a0 por un decreto de Mons. Roberto J. Tavella. Es encomendada a la Comunidad de los PP. Carmelitas Descalzos. Su primer p\u00e1rroco fue el P. Alfonso de la Sagrada Familia. Durante 37 a\u00f1os los Padres Carmelitas dirigir\u00e1n la acci\u00f3n pastoral de la parroquia.<\/p>\n<p style=\"text-align: justify;\">En el a\u00f1o 1976, al dejar los Carmelitas la ciudad de Salta, la parroquia fue encomendada a la Orden de San Agust\u00edn. Su primer p\u00e1rroco agustino, fue el P. Gerardo Ureta. La presencia agustiniana en la ciudad de Salta se debi\u00f3 fundamentalmente a la necesidad de tener un lugar de \u201capoyo\u201d para potenciar la actividad misionera que, desde el a\u00f1o 1969, la Orden Agustiniana estaba realizando en la Prelatura de Cafayate.<\/p>\n<p style=\"text-align: justify;\">A lo largo de estos a\u00f1os muchos han sido los agustinos que han trabajado en esta parroquia; as\u00ed como numerosos los laicos que, respirando el esp\u00edritu de San Agust\u00edn, la han dado un estilo peculiar. Por se\u00f1alar uno, que especialmente perdura en el recuerdo, el P. Salustiano Migu\u00e9lez, OSA, cuyo proceso de canonizaci\u00f3n se est\u00e1 incoando.<\/p>\n<p style=\"text-align: justify;\">Al calor de la parroquia de <em>Santa Teresa de Jes\u00fas<\/em> han nacido numerosos grupos parroquiales, de car\u00e1cter fundamentalmente evangelizador, muchos de los cuales todav\u00eda se mantienen en activo. Igualmente han nacido a su lado muchas y valiosas obras. Entre ellas cabe destacar la escuela parroquial y hoy colegio <em>\u201cMilagroso Ni\u00f1o Jes\u00fas de Praga\u201d<\/em>, vinculada muy estrechamente a la parroquia desde sus comienzos.<\/p>\n<p style=\"text-align: justify;\">Actualmente la parroquia tiene a su cargo dos vicar\u00edas con templo y salones parroquiales propios: <em>\u201cVicar\u00eda San Antonio\u201d<\/em> y <em>\u201cVicar\u00eda nuestra Se\u00f1ora de la Consolaci\u00f3n\u201d<\/em>. Anteriormente tuvo tambi\u00e9n otra vicar\u00eda actualmente convertida en parroquia: <em>\u201cStella Maris\u201d<\/em>.<\/p>\n<p style=\"text-align: justify;\">El templo parroquial fue construido por los Padres Carmelitas y refleja el estilo sobrio y austero de la Orden del Carmelo. El exterior es de ladrillo crudo, sin ninguna ornamentaci\u00f3n. El interior tiene im\u00e1genes de belleza notable, pero no art\u00edstica. Al lado derecho del presbiterio se encuentra la tumba del obispo de Salta Mons. Julio Campero, gran benefactor de los Carmelitas.<\/p>\n<p>En\u00a0Facebook:<\/p>\n<p><a href=\"https:\/\/www.facebook.com\/profile.php?id=100005519652890&amp;fref=ts\">Parroquia Santa Teresa del Ni\u00f1o Jes\u00fas de Salta<\/a><\/p>\n<p>&nbsp;<\/p>\n<p>&nbsp;<\/p>\n<p>&nbsp;<\/p>\n","protected":false},"excerpt":{"rendered":"<p>La parroquia \u201cSanta Teresa de Jes\u00fas\u201d de la ciudad de Salta, queda erigida como tal el d\u00eda 9 de octubre de 1939\u00a0 por un decreto de Mons. Roberto J. Tavella. Es encomendada a la Comunidad de los PP. Carmelitas Descalzos. Su primer p\u00e1rroco fue el P. Alfonso de la Sagrada Familia. Durante 37 a\u00f1os los [&hellip;]<\/p>\n","protected":false},"author":2,"featured_media":1311,"parent":291,"menu_order":0,"comment_status":"open","ping_status":"open","template":"","meta":[],"_links":{"self":[{"href":"http:\/\/sanagustin.org\/word\/wp-json\/wp\/v2\/pages\/562"}],"collection":[{"href":"http:\/\/sanagustin.org\/word\/wp-json\/wp\/v2\/pages"}],"about":[{"href":"http:\/\/sanagustin.org\/word\/wp-json\/wp\/v2\/types\/page"}],"author":[{"embeddable":true,"href":"http:\/\/sanagustin.org\/word\/wp-json\/wp\/v2\/users\/2"}],"replies":[{"embeddable":true,"href":"http:\/\/sanagustin.org\/word\/wp-json\/wp\/v2\/comments?post=562"}],"version-history":[{"count":5,"href":"http:\/\/sanagustin.org\/word\/wp-json\/wp\/v2\/pages\/562\/revisions"}],"predecessor-version":[{"id":1312,"href":"http:\/\/sanagustin.org\/word\/wp-json\/wp\/v2\/pages\/562\/revisions\/1312"}],"up":[{"embeddable":true,"href":"http:\/\/sanagustin.org\/word\/wp-json\/wp\/v2\/pages\/291"}],"wp:featuredmedia":[{"embeddable":true,"href":"http:\/\/sanagustin.org\/word\/wp-json\/wp\/v2\/media\/1311"}],"wp:attachment":[{"href":"http:\/\/sanagustin.org\/word\/wp-json\/wp\/v2\/media?parent=562"}],"curies":[{"name":"wp","href":"https:\/\/api.w.org\/{rel}","templated":true}]}}